{"id":790,"date":"2016-05-12T10:54:33","date_gmt":"2016-05-12T10:54:33","guid":{"rendered":"https:\/\/splash.stylemixthemes.com\/demo\/?page_id=790"},"modified":"2023-05-10T14:40:08","modified_gmt":"2023-05-10T13:40:08","slug":"istorijat","status":"publish","type":"page","link":"https:\/\/skromanija.com\/sr\/istorijat\/","title":{"rendered":"Istorijat"},"content":{"rendered":"<div class=\"wpb-content-wrapper\"><p>[vc_row][vc_column][vc_custom_heading text=&#8220;Istorija skijanja i osnivanja Smu\u010darskog kluba &#8222;Romanija&#8222; Pale&#8220; font_container=&#8220;tag:h2|text_align:center&#8220; use_theme_fonts=&#8220;yes&#8220; css=&#8220;.vc_custom_1683708389550{margin-top: 0px !important;margin-bottom: 0px !important;padding-top: 0px !important;padding-bottom: 0px !important;}&#8220;][vc_column_text css=&#8220;.vc_custom_1683718296722{margin-top: 0px !important;margin-bottom: 0px !important;padding-top: 0px !important;padding-bottom: 0px !important;}&#8220;]<\/p>\n<p style=\"text-align: center;\">(izdvojeno iz knjige Milana \u017ddrala &#8211; 50. godina smu\u010danja na Palama &#8211; 1983)<\/p>\n<p>[\/vc_column_text][vc_custom_heading text=&#8220;&#8222;Romanija&#8222; &#8211; ekspres za Olimpijadu&#8220; font_container=&#8220;tag:h2|text_align:center&#8220; use_theme_fonts=&#8220;yes&#8220; css=&#8220;.vc_custom_1683719800470{margin-top: 50px !important;margin-bottom: 50px !important;}&#8220;][\/vc_column][\/vc_row][vc_row css=&#8220;.vc_custom_1683287750122{margin-top: 30px !important;}&#8220;][vc_column width=&#8220;1\/2&#8243;][vc_single_image image=&#8220;2537&#8243; img_size=&#8220;full&#8220; css_animation=&#8220;left-to-right&#8220;][\/vc_column][vc_column width=&#8220;1\/2&#8243;][vc_column_text el_class=&#8220;stm-opacity-8&#8243; css=&#8220;.vc_custom_1683717921589{margin-top: 30px !important;margin-bottom: 31px !important;}&#8220;]<\/p>\n<div class=\"flex flex-grow flex-col gap-3\">\n<div class=\"min-h-[20px] flex flex-col items-start gap-4 whitespace-pre-wrap break-words\">\n<div class=\"markdown prose w-full break-words dark:prose-invert light\">\n<p>Smu\u010darska tradicija Bosne i Hercegovine, posebno na Palama i Jahorini, datira jo\u0161 od 1934. godine kada su izgra\u0111ene prve skija\u0161ke skakaonice u Jugoslaviji. Mlade skaka\u010de na obje skakaonice obu\u010davao je Norve\u017eanin Jar Bjern. Pale i Jahorina bili su doma\u0107ini prvog jugoslavenskog smu\u010darskog sleta 1937. godine, a Jahorina je postepeno postajala poznata zimska destinacija. Na Jahorini je 1953. godine otvorena prva uspinja\u010da u Bosni i Hercegovini, a dvije godine kasnije odr\u017eano je nezvani\u010dno studentsko prvenstvo svijeta u skijanju. Jahorina je postepeno postajala va\u017ean zimski centar u Evropi, sa zna\u010dajnim smje\u0161tajnim kapacitetima i tradicijom internacionalnih skija\u0161kih priredbi.<\/p>\n<p>Posebno treba ista\u0107i uspjeh paljanskih skija\u0161a u periodu od posljednjih dvadeset godina, kada su se klasi\u010dnim disciplinama, a kasnije i biatlonu, istakli u konkurenciji bosanskohercegova\u010dkih voza\u010da. Ova tradicija ima svoje korijene u vremenu kada se patrolno tr\u010danje sa ga\u0111anjem borilo za svoje mjesto u programu zimskih olimpijskih igara, dok je nova disciplina &#8211; biatlon, ve\u0107 bila popularna na Jahorini.<\/p>\n<\/div>\n<\/div>\n<\/div>\n<p>[\/vc_column_text][\/vc_column][\/vc_row][vc_row][vc_column][vc_column_text el_class=&#8220;stm-opacity-8&#8243; css=&#8220;.vc_custom_1683717927799{margin-top: 30px !important;margin-bottom: 31px !important;}&#8220;]Naime, patrolno tr\u010danje sa ga\u0111anjem je bio atlon disciplina u kojoj su paljanski smu\u010dari krajem sedamdesetih i po\u010detkom osamdesetih godina postali prvaci Jugoslavije. Neki elementi ove discipline su postali pravila biatlona, koji je postao popularan \u0161irom svijeta.<\/p>\n<p>Jedna po\u017eutjela fotografija iz januara 1934. godine, koja prikazuje Vlastu Bogdanovi\u0107a, Antona Tilineka i Gruja Samard\u017ei\u0107a sa skijama na nogama i pu\u0161kama na ramenima, podsje\u0107a na po\u010detke paljanskog smu\u010danja.[\/vc_column_text][\/vc_column][\/vc_row][vc_row css=&#8220;.vc_custom_1683287732724{margin-top: 30px !important;}&#8220;][vc_column][vc_single_image image=&#8220;2355&#8243; img_size=&#8220;full&#8220; css_animation=&#8220;right-to-left&#8220;][vc_column_text el_class=&#8220;stm-opacity-8&#8243; css=&#8220;.vc_custom_1683718115313{margin-top: 30px !important;margin-bottom: 31px !important;}&#8220;]<\/p>\n<div class=\"flex flex-grow flex-col gap-3\">\n<div class=\"min-h-[20px] flex flex-col items-start gap-4 whitespace-pre-wrap break-words\">\n<div class=\"markdown prose w-full break-words dark:prose-invert light\">\n<p>U Palama i Jahorini u Bosni i Hercegovini izgra\u0111en je zna\u010dajan dio skija\u0161ke tradicije dr\u017eave. Patrolno tr\u010danje sa ga\u0111anjem, koja je bila discipline u kojoj su paljanski smu\u010dari stekli uspjeh u Jugoslaviji, prerasla je u biatlon, koji je bio uvr\u0161ten u program zimskih olimpijskih igara. Generacija paljanskih \u0161ampiona, na \u010delu sa Tomislavom Lopati\u0107em i Zoranom Cosi\u0107em, stekla je brojne titule prvaka Jugoslavije, kao i uspjeh na predolimpijskim takmi\u010denjima. &#8222;Romanija&#8220;, skija\u0161ki klub iz Pala, tako\u0111e je osvajao trofeje u ekipnoj konkurenciji, \u0161to govori o kvalitetnom kolektivu, koji se temeljio na temeljitom radu i talentovanim pojedincima.<\/p>\n<p>Paljanska skija\u0161ka tradicija, me\u0111utim, ne \u010dine samo takmi\u010dari i takmi\u010darski rezultati, ve\u0107 i vrijedni organizatori takmi\u010denja koji su, uglavnom, regrutovani iz redova &#8222;biv\u0161ih&#8220; skija\u0161kih asova. Oni su udru\u017eili svoju dobru volju i znanje s ostalim skija\u0161kim entuzijastima u organizaciji takmi\u010denja na 14. zimskim olimpijskim igrama.<\/p>\n<\/div>\n<\/div>\n<\/div>\n<p>[\/vc_column_text][\/vc_column][\/vc_row][vc_row][vc_column][vc_custom_heading text=&#8220;Period prije Drugog svjetskog rata&#8220; font_container=&#8220;tag:h2|text_align:center&#8220; use_theme_fonts=&#8220;yes&#8220; css=&#8220;.vc_custom_1683723507552{margin-top: 50px !important;margin-bottom: 50px !important;}&#8220;][\/vc_column][\/vc_row][vc_row][vc_column width=&#8220;1\/2&#8243;][vc_single_image image=&#8220;2565&#8243; img_size=&#8220;555&#215;480&#8243; onclick=&#8220;link_image&#8220; css_animation=&#8220;left-to-right&#8220; css=&#8220;.vc_custom_1683723522731{margin-top: 10px !important;}&#8220;][\/vc_column][vc_column width=&#8220;1\/2&#8243;][vc_column_text el_class=&#8220;stm-opacity-8&#8243;]<strong>Smu\u010danje<\/strong> je stiglo u <strong>Bosnu i Hercegovinu<\/strong> zajedno s austrijskom okupacijom ovih krajeva <strong>1878. godine.<\/strong> Austrijski vojnici i nanu\u0111enici donijeli su skije sa sobom, kojima su se do tada bavili u svojim zemljama. Doma\u0107e stanovni\u0161tvo u po\u010detku je samo posmatralo ovaj sport preko novina. <strong>Smu\u010danje<\/strong> je tada bila samo sporedna aktivnost tek pojedinih \u010dlanova planinarskih dru\u0161tava, od kojih je prvo, s imenom <strong>Turisti\u010dki klub<\/strong>, osnovano 1892. godine, a okupljalo je prije svega strance i ponekog od doma\u0107ih bogatih ljudi.<\/p>\n<p>Zna\u010dajan korak u razvoju smu\u010danja u\u010dinjen je 4. aprila 1905. godine kada je u <strong>Sarajevu<\/strong> osnovana podru\u017enica Radni\u010dko-turisti\u010dkog dru\u0161tva <strong>&#8222;Prijatelj prirode&#8220;<\/strong>. Centrala ovog dru\u0161tva bila je u <strong>Be\u010du<\/strong>, a osnovala ga je Austrijska socijaldemokratska partija jo\u0161 1895. godine, s ciljem da me\u0111u sindikalno organizovanim radnicima podsti\u010de razvoj izletni\u0161tva i rekreativnog boravka u prirodi. U Dru\u0161tvo <strong>&#8222;Prijatelj prirode&#8220;<\/strong> ve\u0107 prve godine uklju\u010dio se i ve\u0107i broj doma\u0107ih radnika. <strong>Zimsko planinarenje<\/strong>, odnosno planinarenje uz upotrebu skija, postalo je jedna od djelatnosti ovog naprednog dru\u0161tva, \u010dije je, ina\u010de, samostalno djelovanje nastavljeno i po zavr\u0161etku Prvog svjetskog rata.[\/vc_column_text][\/vc_column][\/vc_row][vc_row css=&#8220;.vc_custom_1683287732724{margin-top: 30px !important;}&#8220;][vc_column width=&#8220;1\/2&#8243;][vc_column_text el_class=&#8220;stm-opacity-8&#8243; css=&#8220;.vc_custom_1683288677266{margin-top: 30px !important;}&#8220;]<strong>Prvi svjetski rat<\/strong> prekinuo je aktivnost ljubitelja<strong> skijanja<\/strong>, ali nakon zavr\u0161etka ratnih razaranja skijanje se ponovo pojavilo. Jedan doga\u0111aj iz 1918. godine govori o pronalasku desetak pari <strong>skija<\/strong> koje su nekoliko ljudi prenijeli na tavan i tako o\u017eivjeli prvo skijali\u0161te ispod <strong>Pivare<\/strong>. Od tada se skijanje sve vi\u0161e \u0161irilo, stvaraju\u0107i nove pristalice u gotovo svim sarajevskim sportskim dru\u0161tvima.<\/p>\n<p>Ski-klub <strong>Sarajevo<\/strong> je osnovan 1928. godine kao prvi skija\u0161ki klub u<strong> Bosni i Hercegovini<\/strong>. Prije toga, planinarska i skija\u0161ka sekcija Sportskog dru\u0161tva <strong>&#8222;Slavija&#8220;<\/strong> po\u010dela je pripreme za izgradnju turisti\u010dkog doma na Mrtvanjima povrh <strong>Pazari\u0107a<\/strong>. Nakon osnivanja Ski-kluba <strong>Sarajevo<\/strong>, skijanje je postalo zaseban sport u <strong>Bosni i Hercegovini<\/strong>, a nove skija\u0161ke staze po\u010dele su se graditi na planinama \u0161irom zemlje.[\/vc_column_text][\/vc_column][vc_column width=&#8220;1\/2&#8243;][vc_single_image image=&#8220;2566&#8243; img_size=&#8220;full&#8220; onclick=&#8220;link_image&#8220; css_animation=&#8220;right-to-left&#8220; css=&#8220;.vc_custom_1683723466716{margin-top: 30px !important;}&#8220;][\/vc_column][\/vc_row][vc_row][vc_column][vc_custom_heading text=&#8220;Predratni period 1933. &#8211; 1941. godine&#8220; font_container=&#8220;tag:h2|text_align:center&#8220; use_theme_fonts=&#8220;yes&#8220; css=&#8220;.vc_custom_1683723558318{margin-top: 50px !important;margin-bottom: 50px !important;}&#8220;][\/vc_column][\/vc_row][vc_row][vc_column width=&#8220;1\/2&#8243;][vc_single_image image=&#8220;2568&#8243; img_size=&#8220;550&#215;500&#8243; onclick=&#8220;link_image&#8220; css_animation=&#8220;right-to-left&#8220; css=&#8220;.vc_custom_1683723454041{margin-top: 40px !important;}&#8220;][\/vc_column][vc_column width=&#8220;1\/2&#8243;][vc_column_text el_class=&#8220;stm-opacity-8&#8243; css=&#8220;.vc_custom_1683289127139{margin-top: 30px !important;margin-bottom: 31px !important;}&#8220;]Predratni period (1933-1941) u <strong>Sarajevu<\/strong> karakteri\u0161e razvoj planinarstva i zimskih sportova. Prvo sportsko dru\u0161tvo u <strong>Sarajevu<\/strong> sa smu\u010darskom sekcijom bilo je Radni\u010dko-turisti\u010dko dru\u0161tvo <strong>&#8222;Prijatelj prirode&#8220;<\/strong>, osnovano 1905. godine. <strong>Smu\u010darske<\/strong> sekcije su postojale i u drugim sportskim dru\u0161tvima kao \u0161to su Dru\u0161tvo planinara Bosne i Hercegovine,<strong> SK &#8222;Slavija&#8220;<\/strong>, <strong>PD &#8222;Romanija&#8220;<\/strong>, <strong>PD &#8222;Kosmos&#8220;<\/strong>,<strong> HGD &#8222;Bjela\u0161nica&#8220;<\/strong> i <strong>SK &#8222;Derdelez&#8220;<\/strong>. U 1928. godini osnovan je prvi smu\u010darski klub &#8222;<strong>Ski-klub&#8220; Sarajevo<\/strong>, a 1930. godine je formiran Sarajevski zimsko-sportski podsavez. <strong>Smu\u010danje<\/strong> na <strong>Palama<\/strong> postalo je sve popularnije, a najzapa\u017eeniji smu\u010dari bili su <strong>Grujo Samard\u017ei\u0107<\/strong> i <strong>Anton Tilinek<\/strong> iz smu\u010darske sekcije<strong> &#8222;Slavija&#8220;<\/strong>. Djeca su se skijala na obi\u010dnim skijama, a u\u010denje od smu\u010dara iz Sarajeva donijelo je nove tehnike smu\u010danja na Palama. Zimski sportovi dobili su novi zamah u ovom periodu.<\/p>\n<p>Po\u010detak smu\u010darskih skokova u <strong>Sarajevu<\/strong> i okolini vezan je za ime norve\u0161kog trenera <strong>Bjerna Jara<\/strong>, koji je boravio u <strong>Jugoslaviji<\/strong> od decembra 1933. do marta 1934. godine. Jara je trenirao mlade skija\u0161e na skakaonicama u <strong>Bledu<\/strong>, <strong>Mojstrani<\/strong> i na <strong>Planici<\/strong>, gde je preuredio skakaonicu i produ\u017eio dosko\u010di\u0161te. U Sarajevu su mu vojnici pripremili kvalitetne terene, na kojima je odr\u017eao \u010dasove skijanja za u\u010denike. Jar je bio veoma zadovoljan zainteresovanosti i napretku mladih skija\u0161a u Jugoslaviji.[\/vc_column_text][\/vc_column][\/vc_row][vc_row][vc_column][vc_custom_heading text=&#8220;Smu\u010darski zanos na Palama&#8220; font_container=&#8220;tag:h2|text_align:center&#8220; use_theme_fonts=&#8220;yes&#8220; css=&#8220;.vc_custom_1683719598409{margin-top: 50px !important;margin-bottom: 50px !important;}&#8220;][\/vc_column][\/vc_row][vc_row][vc_column width=&#8220;1\/2&#8243;][vc_column_text el_class=&#8220;stm-opacity-8&#8243; css=&#8220;.vc_custom_1683723694976{margin-top: 30px !important;margin-bottom: 31px !important;}&#8220;]Prva iskustva bila su korisna i <strong>smu\u010danje na Palama kre\u0107e krupnim koracima<\/strong>. Skakaonica na Palama &#8211; prema pisanju Jugoslovenske po\u0161te &#8211; bila je ukupno duga 50, a visoka 16 metara.<\/p>\n<p><strong>Prvo zvani\u010dno takmi\u010denje u skokovima odr\u017eano je na Palama u februaru 1934. godine<\/strong>. Prvi pobjednik skakaonice bio je Grujo Samard\u017ei\u0107 sa 108+7 ta\u010daka od mogu\u0107ih 120. Drugo mjesto osvojio je Stanko Zidnik.<\/p>\n<p>U godini 1935. nastavljen je smu\u010darski zanos na Palama, a od tada\u0161njih smu\u010dara primat je jo\u0161 dr\u017eao Grujo Samard\u017ei\u0107. On je bio najbolji smu\u010dar s Pala. U &#8222;Jugoslovenskoj Po\u0161ti&#8220; u broju od 3. februara 1935. objavljen je tekst iz kojeg saznajemo da je na skakaonici na Palama odr\u017eano uspje\u0161no takmi\u010denje, ali da je ono ote\u017eano zbog snijega koji je tek bio po\u010deo padati.<\/p>\n<p>Prva iskustva bila su korisna i <strong>smu\u010danje na Palama kre\u0107e krupnim koracima<\/strong>. Skakaonica na Palama \u2013 prema pisanju Jugoslovenske po\u0161te \u2013 bila je ukupno duga 50, a visoka 16 metara.[\/vc_column_text][\/vc_column][vc_column width=&#8220;1\/2&#8243;][vc_single_image image=&#8220;2538&#8243; img_size=&#8220;555&#215;450&#8243; add_caption=&#8220;yes&#8220; onclick=&#8220;link_image&#8220; css=&#8220;.vc_custom_1683725328682{margin-top: 30px !important;}&#8220;][\/vc_column][\/vc_row][vc_row][vc_column width=&#8220;1\/2&#8243;][vc_single_image image=&#8220;2578&#8243; img_size=&#8220;555&#215;350&#8243; add_caption=&#8220;yes&#8220; onclick=&#8220;link_image&#8220; css=&#8220;.vc_custom_1683725259800{margin-top: 30px !important;}&#8220;][\/vc_column][vc_column width=&#8220;1\/2&#8243;][vc_column_text el_class=&#8220;stm-opacity-8&#8243; css=&#8220;.vc_custom_1683725219756{margin-top: 30px !important;margin-bottom: 31px !important;}&#8220;]<strong>I godina 1936. (olimpijska) bila je na podru\u010dju Pala bogata sportskim aktivnostima<\/strong>. U to vrijeme Sarajevski zimsko-sportski podsavez brojao je nekoliko stotina aktivnih smu\u010dara. U februaru 1936. godine, Sarajevski zimsko-sportski podsavez organizovao je takmi\u010denje na Palama, trasa je bila duga\u010dka 18 kilometara. Prvo mjesto osvojio je Grujo Samard\u017ei\u0107 vremenom 1:42.10! Drugi je bio Karl Vilet (\u201cSlavija\u201d), tre\u0107e mjesto osvojio je Frano Maru\u0161i\u0107 (\u201cBjela\u0161nica\u201d), a \u010detvrto mjesto pripalo je Stjepanu Beku (\u201cSlavija\u201d) \u2013 1:47.<\/p>\n<p>Iste godine, 21. i 22. marta \u2013 na Dr\u017eavnom prvenstvu nastupili su iz Sarajevskog smu\u010darskog-podsaveza Grujo Samard\u017ei\u0107, Bo\u017eidar Ili\u0107 i Stjepan Lin\u010derher. <strong>Poslije 1936. godine sportski zanos kod nas i u svijetu se smanjuje, \u010demu je doprinijela velika ekonomska kriza<\/strong> i pribli\u017eavanje Drugog svjetskog rata, ali takmi\u010denja su se i dalje odr\u017eavala.[\/vc_column_text][\/vc_column][\/vc_row][vc_row][vc_column width=&#8220;1\/2&#8243;][vc_column_text el_class=&#8220;stm-opacity-8&#8243; css=&#8220;.vc_custom_1683725225097{margin-top: 30px !important;margin-bottom: 31px !important;}&#8220;]Tako je 16. februara 1937. odr\u017eano dr\u017eavno prvenstvo na Palama. Bilo je to prvo dr\u017eavno prvenstvo koje je odr\u017eano u sarajevskom podru\u010dju. Na stazi dugoj 15 kilometara prvo mjesto osvojio je Janez Franjo Mrak (\u00bbIlirija\u00ab \u2014 Ljubljana) s rezultatom \u2013 1:14:41 sati. Iste godine na <strong>Jahorini je otvorena vojna skakaonica<\/strong>, odr\u017eano je i takmi\u010denje na kojem je nastupilo 25 smu\u010dara.<\/p>\n<p>Krajem 1937. godine (15. decembra) <strong>na Jahorini je otvorena Smu\u010darska \u0161kola<\/strong> koju je vodio Grujo Samard\u017ei\u0107, prvak Sarajevskog zimsko-sportskog podsaveza. Na Jahorini su tada vladali idealni uslovi za smu\u010danje \u2013 izvanredni tereni i dubok snijeg koji su smu\u010darima pru\u017eali veliko zadovoljstvo.[\/vc_column_text][\/vc_column][vc_column width=&#8220;1\/2&#8243;][vc_single_image image=&#8220;2584&#8243; img_size=&#8220;555&#215;300&#8243; add_caption=&#8220;yes&#8220; onclick=&#8220;link_image&#8220; css=&#8220;.vc_custom_1683725280179{margin-top: 30px !important;}&#8220;][\/vc_column][\/vc_row][vc_row][vc_column width=&#8220;1\/2&#8243;][vc_single_image image=&#8220;2585&#8243; img_size=&#8220;555&#215;450&#8243; add_caption=&#8220;yes&#8220; onclick=&#8220;link_image&#8220; css=&#8220;.vc_custom_1683724273172{margin-top: 30px !important;}&#8220;][\/vc_column][vc_column width=&#8220;1\/2&#8243;][vc_column_text el_class=&#8220;stm-opacity-8&#8243; css=&#8220;.vc_custom_1683724028728{margin-top: 30px !important;margin-bottom: 31px !important;}&#8220;]<strong>Godine 1938.<\/strong> nastavljaju se smu\u010darske aktivnosti: na Palama i Jahorini je 21., 22. i 23. januara odr\u017eano smu\u010darsko takmi\u010denje. Bilo je to<strong> sokolsko takmi\u010denje<\/strong> koje je okupilo veliki broj skija\u0161a i koje je izazvalo veliko interesovanje.<\/p>\n<p>Posljednjih godina prije Drugog svjetskog rata smu\u010darske aktivnosti na Palama su jenjavale, sportski zanos postajao je sve slabiji da bi ratni vihor ugasio takmi\u010denja. Od predratnih takmi\u010denja iz <strong>1939. godine<\/strong>, na kojima su nastupili smu\u010dari s Pala, vrijedi ista\u0107i <strong>takmi\u010denje u skokovima na Crepoljskom u februaru<\/strong>.<\/p>\n<p>Na Jahorini je u martu 1939. godine odr\u017eano takmi\u010denje izme\u0111u smu\u010dara sela i grada. U januaru 1941. na Jahorini je odr\u017eano prvenstvo Sarajevskog \u0161portskog podsaveza na kojem su nastupili i smu\u010dari. <strong>U februaru 1941. na Jahorini je odr\u017eano prvenstvo Sokolske \u017eupe Sarajevo<\/strong>. Odr\u017eano je i takmi\u010denje u daljinskom tr\u010danju. Bilo je to i posljednje smu\u010darsko takmi\u010denje (na podru\u010dju dana\u0161nje paljanske op\u0161tine) koje je prije rata odr\u017eano. <strong>Ubrzo je do\u0161ao Drugi svjetski rat, i smu\u010darske aktivnosti su bile potpuno prekinute.<\/strong>[\/vc_column_text][\/vc_column][\/vc_row][vc_row][vc_column][vc_custom_heading text=&#8220;Period poslije drugog svjetskog rata&#8220; font_container=&#8220;tag:h2|text_align:center&#8220; use_theme_fonts=&#8220;yes&#8220; css=&#8220;.vc_custom_1683290324664{margin-top: 50px !important;margin-bottom: 50px !important;}&#8220;][\/vc_column][\/vc_row][vc_row][vc_column width=&#8220;1\/2&#8243;][vc_single_image image=&#8220;2592&#8243; img_size=&#8220;555&#215;450&#8243; add_caption=&#8220;yes&#8220; onclick=&#8220;link_image&#8220; css=&#8220;.vc_custom_1683724701382{margin-top: 10px !important;}&#8220;][\/vc_column][vc_column width=&#8220;1\/2&#8243;][vc_column_text el_class=&#8220;stm-opacity-8&#8243;]Poslijeratni period (1945 &#8211; 1983.) u Bosni i Hercegovini i cijeloj Jugoslaviji bio je obilje\u017een razornim uticajem Drugog svjetskog rata koji je prekinuo sportske aktivnosti poput planinarenja i skijanja te je uni\u0161tio mnoge planinarske i skija\u0161ke objekte. No, ve\u0107 u prvim mjesecima nakon oslobo\u0111enja, na\u0161i krajevi su bili u obnovi i mnoga sportska dru\u0161tva su se oporavljala. Godina 1946. je zna\u010dajna za razvoj sportova u Bosni i Hercegovini, kada je osnovan Fiskulturni savez, a 1949. je osnovan Planinarsko-skija\u0161ki savez BiH.<\/p>\n<p><strong>Prva poslijeratna takmi\u010denja u Bosni odr\u017eana su 1946. godine na Trebevi\u0107u, a sljede\u0107e godine se grade prve \u017ei\u010dare na Jahorini.<\/strong> Tokom ovog razdoblja, Jahorina postaje poznata kao jugoslavenski skija\u0161ki centar, a odr\u017eavaju se republi\u010dka i savezna takmi\u010denja u skijanju i planinarenju.<\/p>\n<p>Sportska tradicija na Palama nastavljena je poslije drugog svjetskog rata. <strong>Paljanski skija\u0161i prije rata nastupili su u okviru &#8222;Sokola&#8220; i &#8222;Slavijine&#8220; skija\u0161ke sekcije<\/strong>.[\/vc_column_text][\/vc_column][\/vc_row][vc_row css=&#8220;.vc_custom_1683287732724{margin-top: 30px !important;}&#8220;][vc_column width=&#8220;1\/2&#8243;][vc_column_text el_class=&#8220;stm-opacity-8&#8243; css=&#8220;.vc_custom_1683722583025{margin-top: 30px !important;margin-bottom: 31px !important;}&#8220;]<\/p>\n<div class=\"flex flex-grow flex-col gap-3\">\n<div class=\"min-h-[20px] flex flex-col items-start gap-4 whitespace-pre-wrap break-words\">\n<div class=\"markdown prose w-full break-words dark:prose-invert light\">\n<p>Poslije oslobo\u0111enja Paljani su prvo na op\u0161tinskim, seoskim pa republi\u010dkim takmi\u010denjima. Skijanje na Palama postojalo je 1946. godine i sljede\u0107ih godina, ali je ovaj sport dobio pravi zamah kada je formiran <strong>Skija\u0161ki klub &#8222;Romanija&#8220;<\/strong>. O formiranju kluba nije sa\u010duvan zapisnik, ali po sje\u0107anju tada\u0161njih skija\u0161a i skija\u0161kih aktivista (postoji sa\u010duvana i jedna knjiga u koju su upisivana imena skija\u0161a na Palama). <strong>&#8222;Romanija&#8220; je formirana 1950. godine.<\/strong> Klub tada nije bio registrovan, ali su skija\u0161i s Pala nastupali na takmi\u010denjima koja su u to vrijeme naj\u010de\u0161\u0107e organizovana na Jahorini, Palama, Crepoljskom, Trebevi\u0107u&#8230; Klub je registrovan kod Skija\u0161kog saveza Jugoslavije i ve\u0107 iz prvih godina postoje sa\u010duvane \u010dlanske legitimacije.<\/p>\n<p>Prvih poslijeratnih godina skijanje na Palama nije donijelo neke zna\u010dajnije uspjehe. Uzrok tome je prije svega nedostatak opreme, kadrova, objekata&#8230; Sve je teklo ispo\u010detka, spontano! <strong>Tek u drugoj polovini pedesetih godina Paljani posti\u017eu zapa\u017eenije rezultate<\/strong> i u klasi\u010dnim disciplinama po\u010dinju da vode uzbudljivo nadmetanje sa skija\u0161ima iz Sarajeva oko primata u Republici. Imali su tada i alpsku ekipu, koja se poslije uklju\u010divala u vrh bosanskohercegova\u010dkog skijanja.<\/p>\n<\/div>\n<\/div>\n<\/div>\n<p>[\/vc_column_text][\/vc_column][vc_column width=&#8220;1\/2&#8243;][vc_single_image image=&#8220;2337&#8243; img_size=&#8220;555&#215;500&#8243; add_caption=&#8220;yes&#8220; onclick=&#8220;link_image&#8220; css=&#8220;.vc_custom_1683724903929{margin-top: 30px !important;}&#8220;][\/vc_column][\/vc_row][vc_row css=&#8220;.vc_custom_1683287732724{margin-top: 30px !important;}&#8220;][vc_column width=&#8220;1\/2&#8243;][vc_single_image image=&#8220;2344&#8243; img_size=&#8220;555&#215;550&#8243; add_caption=&#8220;yes&#8220; onclick=&#8220;link_image&#8220; css=&#8220;.vc_custom_1683724895012{margin-top: 30px !important;}&#8220;][\/vc_column][vc_column width=&#8220;1\/2&#8243;][vc_column_text el_class=&#8220;stm-opacity-8&#8243; css=&#8220;.vc_custom_1683724412878{margin-top: 30px !important;margin-bottom: 31px !important;}&#8220;]<\/p>\n<div class=\"flex flex-grow flex-col gap-3\">\n<div class=\"min-h-[20px] flex flex-col items-start gap-4 whitespace-pre-wrap break-words\">\n<div class=\"markdown prose w-full break-words dark:prose-invert light\">\n<p>Zna\u010dajan razvoj skijanja u sarajevskom podru\u010dju je zapo\u010deo 1955. godine, kada je otvorena redovna linija od Sarajeva do Jahorine. Autobus je saobra\u0107ao jednom nedjeljno.<\/p>\n<p><strong>U februaru 1955. na Jahorini<\/strong> je odr\u017eano studentsko prvenstvo Jugoslavije u smu\u010danju. Na Jahorini je do 14. olimpijskih igara odr\u017eano dvadeset i osam takmi\u010denja za \u201cJahorinski kup\u201d i jo\u0161 dvije u smu\u010darskim priredbama velikog me\u0111unarodnog ranga. To su Studentsko prvenstvo u ljeto 1955. i takmi\u010denje za Svjetski kup 1975. pod nazivom \u201cZlatna lisica\u201d. To takmi\u010denje trebalo je da se odr\u017ei na Pohorju, ali zbog nedostatka snijega odr\u017eano je na Jahorini, uporedo s \u201cPrvim jugoslavenskim kupom\u201d, koji je bodovan za Europski kup.<\/p>\n<p>U proteklih trideset godina na Jahorinskom kupu nastupili su gotovo svi najbolji svjetski skija\u0161i.<\/p>\n<p><strong>U martu 1960. godine na Jahorini je odr\u017eano prvenstvo Bosne i Hercegovine u alpskim disciplinama<\/strong>. Na ovom takmi\u010denju vozili su \u010dlanovi reprezentacija Bosne i Hercegovine i Hrvatske. Nakon takmi\u010denja u smu\u010danju, slalomu, veleslalomu, daljinskom tr\u010danju na 16, 8 i 4 kilometra,<strong> ekipa \u201cRomanija\u201d je osvojila prvo mjesto sa 7,761.97 bodova<\/strong>. Drugo mjesto pripalo je \u201cSarajevu\u201d, a tre\u0107e \u201cZenici\u201d i \u010detvrto \u201cBukoviku\u201d.<\/p>\n<\/div>\n<\/div>\n<\/div>\n<p>[\/vc_column_text][\/vc_column][\/vc_row][vc_row css=&#8220;.vc_custom_1683287732724{margin-top: 30px !important;}&#8220;][vc_column width=&#8220;1\/2&#8243;][vc_column_text el_class=&#8220;stm-opacity-8&#8243; css=&#8220;.vc_custom_1683724538607{margin-top: 30px !important;margin-bottom: 31px !important;}&#8220;]<\/p>\n<div class=\"flex flex-grow flex-col gap-3\">\n<div class=\"min-h-[20px] flex flex-col items-start gap-4 whitespace-pre-wrap break-words\">\n<div class=\"markdown prose w-full break-words dark:prose-invert light\">\n<p><strong>Godine 1963. ekipa \u201cRomanija\u201d <\/strong>je nastupila na trci dugoj nekoliko kilometara za pehar Smu\u010darskog saveza Hrvatske u ekipnoj trci i osvojila tre\u0107e mjesto. Na ovom takmi\u010denju nastupile su dvije ekipe iz Slovenije, po jedna iz Hrvatske, Srbije i Bosne i Hercegovine. Za ekipu \u201cRomanije\u201d vozili su Ranko Jugovi\u0107, bra\u0107a Vladi\u010di\u0107 (Milorad i Kostadin).<\/p>\n<div class=\"group w-full text-gray-800 dark:text-gray-100 border-b border-black\/10 dark:border-gray-900\/50 bg-gray-50 dark:bg-[#444654]\">\n<div class=\"flex p-4 gap-4 text-base md:gap-6 md:max-w-2xl lg:max-w-xl xl:max-w-3xl md:py-6 lg:px-0 m-auto\">\n<div class=\"relative flex flex-col w-[calc(100%-50px)] gap-1 md:gap-3 lg:w-[calc(100%-115px)]\">\n<div class=\"flex flex-grow flex-col gap-3\">\n<div class=\"min-h-[20px] flex flex-col items-start gap-4 whitespace-pre-wrap break-words\">\n<div class=\"markdown prose w-full break-words dark:prose-invert dark\">\n<p><strong>Godine 1965. na \u201cNeretva memorialu\u201d<\/strong>, koji se odr\u017eao 17. januara, ekipa \u201cRomanije\u201d je pobijedila sa 3,173.8 bodova ispred Sarajevskog smu\u010darskog kluba. Na takmi\u010denju je nastupilo osam ekipa. Za ekipu \u201cRomanije\u201d vozili su bra\u0107a Milorad i Kostadin Vladi\u010di\u0107, Pero Jank.<\/p>\n<p><strong>Prvenstvo Jugoslavije (1980) u smu\u010darskom tr\u010danju odr\u017eano je na Palama.<\/strong> U konkurenciji seniorki, u trci dugoj 10 kilometara drugo mjesto osvojila je Jasna Pandurevi\u0107, tre\u0107a je bila Milanka Goreta. Me\u0111u mladim omladincima, u trci od pet kilometara, Tomislav Lopati\u0107 osvojio je tre\u0107e mjesto. Mlade omladinke \u00bbRomanije\u00ab u \u0161tafeti 3\u00d75 kilometara osvojile su tre\u0107e mjesto. Za \u00bbRomaniju\u00ab su vozile Snje\u017eana Sonja Di\u017eni\u0107 i Danka Purkovi\u0107. Mladi omladinci \u00bbRomanije\u00ab u trci kilometara bili su tako\u0111er tre\u0107i. \u0160tafetu su sa\u010dinjavali Bla\u0161ko Veselinovi\u0107, Jovo Lu\u010di\u0107 i Tomislav Lopati\u0107. Iste godine na prvenstvu Jugoslavije u biatlonu na Kopaoniku me\u0111u mladim omladincima pobijedio je \u010dlan \u00bbRomanije\u00ab Tomislav Lopati\u0107. Trka je bila duga\u010dka 15 kilometara.<\/p>\n<\/div>\n<\/div>\n<\/div>\n<\/div>\n<\/div>\n<\/div>\n<\/div>\n<\/div>\n<\/div>\n<p>[\/vc_column_text][\/vc_column][vc_column width=&#8220;1\/2&#8243;][vc_single_image image=&#8220;2362&#8243; img_size=&#8220;555&#215;550&#8243; add_caption=&#8220;yes&#8220; onclick=&#8220;link_image&#8220; css=&#8220;.vc_custom_1683724888279{margin-top: 30px !important;}&#8220;][\/vc_column][\/vc_row][vc_row css=&#8220;.vc_custom_1683287732724{margin-top: 30px !important;}&#8220;][vc_column width=&#8220;1\/2&#8243;][vc_single_image image=&#8220;2468&#8243; img_size=&#8220;555&#215;450&#8243; add_caption=&#8220;yes&#8220; onclick=&#8220;link_image&#8220; css=&#8220;.vc_custom_1683724758303{margin-top: 30px !important;}&#8220;][\/vc_column][vc_column width=&#8220;1\/2&#8243;][vc_column_text el_class=&#8220;stm-opacity-8&#8243; css=&#8220;.vc_custom_1683724452933{margin-top: 30px !important;margin-bottom: 31px !important;}&#8220;]<\/p>\n<div class=\"flex flex-grow flex-col gap-3\">\n<div class=\"min-h-[20px] flex flex-col items-start gap-4 whitespace-pre-wrap break-words\">\n<div class=\"markdown prose w-full break-words dark:prose-invert light\">\n<p><strong>Godine 1981. omladinska \u0161tafeta \u201cRomanije\u201d<\/strong> (Miroslav Lu\u010di\u0107, Dragan Zuber i Tomislav Lopati\u0107) bila je prvak Jugoslavije. Dragan Zuber u omladinskoj konkurenciji osvojio je drugo mjesto u Jugoslaviji na trci dugoj 15 kilometara.<\/p>\n<p><strong>Godine 1982. Tomislav Lopati\u0107 u konkurenciji omladinaca bio je prvak Jugoslavije na 15 kilometara.<\/strong> U istoj disciplini Zoran \u010cosi\u0107 bio je drugi. Oba su nastupila u biatlonu. U trci biatlonaca na 10 kilometara Tomislav Lopati\u0107 bio je prvi, a Zoran \u0106osi\u0107 drugi. <strong>Biatlon ekipa \u201cRomanije\u201d u juniorskoj konkurenciji bila je najbolja u Jugoslaviji.<\/strong><\/p>\n<div class=\"flex gap-1\">\n<p><strong>Godine 1983. biatlon ekipa \u00bbRomanije\u00ab je najbolja u Jugoslaviji.<\/strong> Omladinska \u0161tafeta je osvojila prvo i drugo mjesto. U pojedina\u010dnoj konkurenciji Zoran \u0106osi\u0107 bio je pobjednik na 10 kilometara. U istoj disciplini Tomislav Lopati\u0107 bio je tre\u0107i. U trci na 15 kilometara Zoran \u0106osi\u0107 je drugi, a Tomislav Lopati\u0107 tre\u0107i. Pionir Nenad Ili\u0107 postao je prvak Jugoslavije na pet kilometara, a u okviru takmi\u010denja Kupa republika i pokrajina u skija\u0161kom tr\u010danju i biatlonu.<\/p>\n<\/div>\n<\/div>\n<\/div>\n<\/div>\n<p>[\/vc_column_text][\/vc_column][\/vc_row][vc_row][vc_column][vc_column_text el_class=&#8220;stm-opacity-8&#8243; css=&#8220;.vc_custom_1683724471441{margin-top: 30px !important;margin-bottom: 31px !important;}&#8220;]<\/p>\n<div class=\"flex flex-grow flex-col gap-3\">\n<div class=\"min-h-[20px] flex flex-col items-start gap-4 whitespace-pre-wrap break-words\">\n<div class=\"markdown prose w-full break-words dark:prose-invert light\">Posljednjih godina \u201cRomanija\u201d je dala niz republi\u010dkih prvaka u klasi\u010dnim disciplinama. Uspjesi kluba su iz godine u godinu sve ve\u0107i. Potrebna je jo\u0161 ve\u0107a materijalna baza, potrebno je pobolj\u0161ati stru\u010dni rad, stvoriti jo\u0161 bolje uvjete da bi \u201cRomanija\u201d izrasla u jo\u0161 ve\u0107i skija\u0161ki kolektiv. Ovaj simpati\u010dni klub dao je prvog olimpijca Ajdina Pa\u0161ovi\u0107a (ponikao u \u201cRomaniji\u201d) i jo\u0161 dva olimpijska kandidata \u2013 Tomislava Lopati\u0107a i Zorana \u0106osi\u0107a. Smu\u010darski klub \u201cRomanija\u201d ima lijepu perspektivu, <strong>skijanje na Palama ostaje sport broj jedan!<\/strong><\/div>\n<\/div>\n<\/div>\n<p>[\/vc_column_text][\/vc_column][\/vc_row][vc_row][vc_column][vc_column_text css=&#8220;.vc_custom_1683724872659{margin-top: 50px !important;margin-bottom: 50px !important;}&#8220;]<\/p>\n<h2 style=\"text-align: center;\"><a href=\"https:\/\/www.skijanje.rs\/publikacije\/bosna-i-hercegovina-knjige-o-skijanju\/50-godina-smucanja-na-palama-1983\/\" target=\"_blank\" rel=\"noopener\">Pregledajte knjigu 50. godina smu\u010danja na Palama &#8211; 1983<\/a><\/h2>\n<p>[\/vc_column_text][\/vc_column][\/vc_row][vc_row full_width=&#8220;stretch_row&#8220; css=&#8220;.vc_custom_1463052524016{padding-top: 28px !important;padding-bottom: 59px !important;background-color: #151515 !important;}&#8220;][vc_column][vc_custom_heading text=&#8220;Arhiva novinskih \u010dlanaka&#8220; font_container=&#8220;tag:h2|text_align:center|color:%23ffffff&#8220; use_theme_fonts=&#8220;yes&#8220; css=&#8220;.vc_custom_1683720087820{margin-top: 50px !important;margin-bottom: 50px !important;}&#8220;][vc_media_grid style=&#8220;load-more&#8220; items_per_page=&#8220;12&#8243; element_width=&#8220;2&#8243; btn_title=&#8220;U\u010ditaj vi\u0161e&#8220; btn_style=&#8220;modern&#8220; btn_color=&#8220;default&#8220; btn_size=&#8220;xs&#8220; grid_id=&#8220;vc_gid:1683725969993-7c95b3d2-3b2c-6&#8243; include=&#8220;2476,2475,2474,2473,2472,2471,2470,2469,2468,2467,2466,2465,2464,2463,2462,2461,2460,2459,2458,2457,2456,2455,2454,2453,2451,2450,2449,2448,2447&#8243; css=&#8220;.vc_custom_1683718631695{padding-top: 50px !important;}&#8220;][\/vc_column][\/vc_row][vc_row full_width=&#8220;stretch_row&#8220; css=&#8220;.vc_custom_1683725001276{padding-top: 50px !important;padding-bottom: 50px !important;background-color: #f0f0f0 !important;}&#8220;][vc_column][vc_custom_heading text=&#8220;Vremenska linija&#8220; font_container=&#8220;tag:h2|text_align:center&#8220; use_theme_fonts=&#8220;yes&#8220; css=&#8220;.vc_custom_1683724996386{margin-bottom: 50px !important;}&#8220;][stm_team_history feature=&#8220;%5B%7B%22year%22%3A%221878.%22%2C%22title%22%3A%22Donesene%20prve%20skije%22%2C%22content%22%3A%22Smu%C4%8Danje%20je%20stiglo%20u%20Bosnu%20i%20Hercegovinu%20zajedno%20s%20austrijskom%20okupacijom%20ovih%20krajeva.%22%7D%2C%7B%22year%22%3A%221928.%22%2C%22title%22%3A%22Osnovan%20prvi%20smu%C4%8Darski%20klub%20u%20BiH%22%2C%22content%22%3A%22U%201928.%20godini%20osnovan%20je%20prvi%20smu%C4%8Darski%20klub%20%E2%80%9CSki-klub%E2%80%9D%20Sarajevo%2C%20a%201930.%20godine%20je%20formiran%20Sarajevski%20zimsko-sportski%20podsavez.%22%7D%2C%7B%22year%22%3A%221934.%22%2C%22title%22%3A%22Odr%C5%BEani%20ski%20skokovi%20na%20Palama%22%2C%22content%22%3A%22Prvo%20zvani%C4%8Dno%20takmi%C4%8Denje%20u%20skokovima%20odr%C5%BEano%20je%20na%20Palama%20u%20februaru%201934.%20godine.%22%7D%2C%7B%22year%22%3A%221937.%22%2C%22title%22%3A%22Odr%C5%BEano%20dr%C5%BEavno%20prvenstvo%20na%20Palama%22%2C%22content%22%3A%22Bilo%20je%20to%20prvo%20dr%C5%BEavno%20prvenstvo%20koje%20je%20odr%C5%BEano%20u%20sarajevskom%20podru%C4%8Dju.%20Na%20stazi%20dugoj%2015%20kilometara%20prvo%20mjesto%20osvojio%20je%20Janez%20Franjo%20Mrak.%22%7D%2C%7B%22year%22%3A%221950.%22%2C%22title%22%3A%22Formiran%20Skija%C5%A1ki%20klub%20%E2%80%9CRomanija%E2%80%9D%22%2C%22content%22%3A%22%20O%20formiranju%20kluba%20nije%20sa%C4%8Duvan%20zapisnik%2C%20ali%20po%20sje%C4%87anju%20tada%C5%A1njih%20skija%C5%A1a%20i%20skija%C5%A1kih%20aktivista.%22%7D%2C%7B%22year%22%3A%221960.%22%2C%22title%22%3A%22%5C%22Romanija%5C%22%20osvaja%20prvenstvo%20Bosne%20i%20Hercegovine%20u%20alpskim%20disciplinama%22%2C%22content%22%3A%22Nakon%20takmi%C4%8Denja%20u%20smu%C4%8Danju%2C%20slalomu%2C%20veleslalomu%2C%20daljinskom%20tr%C4%8Danju%20na%2016%2C%208%20i%204%20kilometra%2C%20ekipa%20%E2%80%9CRomanija%E2%80%9D%20je%20osvojila%20prvo%20mjesto%20sa%207%2C761.97%20bodova.%22%7D%2C%7B%22year%22%3A%221980.%22%2C%22title%22%3A%22Na%20Palama%20odr%C5%BEano%20Prvenstvo%20Jugoslavije%20u%20smu%C4%8Darskom%20tr%C4%8Danju%22%2C%22content%22%3A%22Zabilje%C5%BEeni%20su%20veliki%20uspjesi%20mladih%20u%20%C5%BEenskoj%20i%20mu%C5%A1koj%20konkurenciji.%22%7D%2C%7B%22year%22%3A%221981.%22%2C%22title%22%3A%22Omladinska%20%C5%A1tafeta%20%E2%80%9CRomanije%E2%80%9D%20prvak%20Jugoslavije%22%2C%22content%22%3A%22Godine%201981.%20omladinska%20%C5%A1tafeta%20%E2%80%9CRomanije%E2%80%9D%20(Miroslav%20Lu%C4%8Di%C4%87%2C%20Dragan%20Zuber%20i%20Tomislav%20Lopati%C4%87).%22%7D%2C%7B%22year%22%3A%221983.%22%2C%22title%22%3A%22Biatlon%20ekipa%20%5C%22Romanije%5C%22%20je%20najbolja%20u%20Jugoslaviji%22%2C%22content%22%3A%22Omladinska%20%C5%A1tafeta%20je%20osvojila%20prvo%20i%20drugo%20mjesto.%20U%20pojedina%C4%8Dnoj%20konkurenciji%20Zoran%20%C4%86osi%C4%87%20bio%20je%20pobjednik%20na%2010%20kilometara.%20%22%7D%2C%7B%22year%22%3A%221984.%22%2C%22title%22%3A%22Zimske%20olimpijske%20igare%20u%20Sarajevu%22%2C%22content%22%3A%22U%20Jugoslaviji%20odr%C5%BEane%20prve%20Olimpijske%20igre.%22%7D%5D&#8220;][stm_spacing lg_spacing=&#8220;0&#8243; md_spacing=&#8220;0&#8243; sm_spacing=&#8220;0&#8243; xs_spacing=&#8220;50&#8243;][\/vc_column][\/vc_row]<\/p>\n<\/div>","protected":false},"excerpt":{"rendered":"<p>[vc_row][vc_column][vc_custom_heading text=&#8220;Istorija skijanja i osnivanja Smu\u010darskog kluba &#8222;Romanija&#8222; Pale&#8220; font_container=&#8220;tag:h2|text_align:center&#8220; use_theme_fonts=&#8220;yes&#8220; css=&#8220;.vc_custom_1683708389550{margin-top: 0px !important;margin-bottom: 0px !important;padding-top: 0px !important;padding-bottom: 0px !important;}&#8220;][vc_column_text css=&#8220;.vc_custom_1683718296722{margin-top: 0px !important;margin-bottom: 0px !important;padding-top: 0px !important;padding-bottom: 0px !important;}&#8220;] (izdvojeno&#8230;<\/p>\n","protected":false},"author":1,"featured_media":0,"parent":0,"menu_order":0,"comment_status":"closed","ping_status":"closed","template":"","meta":{"footnotes":""},"class_list":["post-790","page","type-page","status-publish","hentry"],"yoast_head":"<!-- This site is optimized with the Yoast SEO plugin v27.5 - https:\/\/yoast.com\/product\/yoast-seo-wordpress\/ -->\n<title>Istorijat - Nordijski smu\u010darski klub Romanija Pale<\/title>\n<meta name=\"robots\" content=\"index, follow, max-snippet:-1, max-image-preview:large, max-video-preview:-1\" \/>\n<link rel=\"canonical\" href=\"https:\/\/skromanija.com\/sr\/istorijat\/\" \/>\n<meta property=\"og:locale\" content=\"sr_RS\" \/>\n<meta property=\"og:type\" content=\"article\" \/>\n<meta property=\"og:title\" content=\"Istorijat - Nordijski smu\u010darski klub Romanija Pale\" \/>\n<meta property=\"og:description\" content=\"[vc_row][vc_column][vc_custom_heading text=&#8220;Istorija skijanja i osnivanja Smu\u010darskog kluba &#8222;Romanija&#8222; Pale&#8220; font_container=&#8220;tag:h2|text_align:center&#8220; use_theme_fonts=&#8220;yes&#8220; css=&#8220;.vc_custom_1683708389550{margin-top: 0px !important;margin-bottom: 0px !important;padding-top: 0px !important;padding-bottom: 0px !important;}&#8220;][vc_column_text css=&#8220;.vc_custom_1683718296722{margin-top: 0px !important;margin-bottom: 0px !important;padding-top: 0px !important;padding-bottom: 0px !important;}&#8220;] (izdvojeno...\" \/>\n<meta property=\"og:url\" content=\"https:\/\/skromanija.com\/sr\/istorijat\/\" \/>\n<meta property=\"og:site_name\" content=\"Nordijski smu\u010darski klub Romanija Pale\" \/>\n<meta property=\"article:modified_time\" content=\"2023-05-10T13:40:08+00:00\" \/>\n<meta name=\"twitter:card\" content=\"summary_large_image\" \/>\n<meta name=\"twitter:label1\" content=\"\u041f\u0440\u043e\u0446\u0435\u045a\u0435\u043d\u043e \u0432\u0440\u0435\u043c\u0435 \u0447\u0438\u0442\u0430\u045a\u0430\" \/>\n\t<meta name=\"twitter:data1\" content=\"21 \u043c\u0438\u043d\u0443\u0442\" \/>\n<script type=\"application\/ld+json\" class=\"yoast-schema-graph\">{\"@context\":\"https:\\\/\\\/schema.org\",\"@graph\":[{\"@type\":\"WebPage\",\"@id\":\"https:\\\/\\\/skromanija.com\\\/sr\\\/istorijat\\\/\",\"url\":\"https:\\\/\\\/skromanija.com\\\/sr\\\/istorijat\\\/\",\"name\":\"Istorijat - Nordijski smu\u010darski klub Romanija Pale\",\"isPartOf\":{\"@id\":\"https:\\\/\\\/skromanija.com\\\/sr\\\/#website\"},\"datePublished\":\"2016-05-12T10:54:33+00:00\",\"dateModified\":\"2023-05-10T13:40:08+00:00\",\"breadcrumb\":{\"@id\":\"https:\\\/\\\/skromanija.com\\\/sr\\\/istorijat\\\/#breadcrumb\"},\"inLanguage\":\"sr-RS\",\"potentialAction\":[{\"@type\":\"ReadAction\",\"target\":[[\"https:\\\/\\\/skromanija.com\\\/sr\\\/istorijat\\\/\"]]}]},{\"@type\":\"BreadcrumbList\",\"@id\":\"https:\\\/\\\/skromanija.com\\\/sr\\\/istorijat\\\/#breadcrumb\",\"itemListElement\":[{\"@type\":\"ListItem\",\"position\":1,\"name\":\"Home\",\"item\":\"https:\\\/\\\/skromanija.com\\\/sr\\\/\"},{\"@type\":\"ListItem\",\"position\":2,\"name\":\"Istorijat\"}]},{\"@type\":\"WebSite\",\"@id\":\"https:\\\/\\\/skromanija.com\\\/sr\\\/#website\",\"url\":\"https:\\\/\\\/skromanija.com\\\/sr\\\/\",\"name\":\"Nordijski smu\u010darski klub Romanija Pale\",\"description\":\"Nordic ski team\",\"publisher\":{\"@id\":\"https:\\\/\\\/skromanija.com\\\/sr\\\/#organization\"},\"potentialAction\":[{\"@type\":\"SearchAction\",\"target\":{\"@type\":\"EntryPoint\",\"urlTemplate\":\"https:\\\/\\\/skromanija.com\\\/sr\\\/?s={search_term_string}\"},\"query-input\":{\"@type\":\"PropertyValueSpecification\",\"valueRequired\":true,\"valueName\":\"search_term_string\"}}],\"inLanguage\":\"sr-RS\"},{\"@type\":\"Organization\",\"@id\":\"https:\\\/\\\/skromanija.com\\\/sr\\\/#organization\",\"name\":\"Nordijski smu\u010darski klub Romanija Pale\",\"url\":\"https:\\\/\\\/skromanija.com\\\/sr\\\/\",\"logo\":{\"@type\":\"ImageObject\",\"inLanguage\":\"sr-RS\",\"@id\":\"https:\\\/\\\/skromanija.com\\\/sr\\\/#\\\/schema\\\/logo\\\/image\\\/\",\"url\":\"https:\\\/\\\/skromanija.com\\\/wp-content\\\/uploads\\\/2023\\\/05\\\/sklogo.png\",\"contentUrl\":\"https:\\\/\\\/skromanija.com\\\/wp-content\\\/uploads\\\/2023\\\/05\\\/sklogo.png\",\"width\":558,\"height\":508,\"caption\":\"Nordijski smu\u010darski klub Romanija Pale\"},\"image\":{\"@id\":\"https:\\\/\\\/skromanija.com\\\/sr\\\/#\\\/schema\\\/logo\\\/image\\\/\"}}]}<\/script>\n<!-- \/ Yoast SEO plugin. -->","yoast_head_json":{"title":"Istorijat - Nordijski smu\u010darski klub Romanija Pale","robots":{"index":"index","follow":"follow","max-snippet":"max-snippet:-1","max-image-preview":"max-image-preview:large","max-video-preview":"max-video-preview:-1"},"canonical":"https:\/\/skromanija.com\/sr\/istorijat\/","og_locale":"sr_RS","og_type":"article","og_title":"Istorijat - Nordijski smu\u010darski klub Romanija Pale","og_description":"[vc_row][vc_column][vc_custom_heading text=&#8220;Istorija skijanja i osnivanja Smu\u010darskog kluba &#8222;Romanija&#8222; Pale&#8220; font_container=&#8220;tag:h2|text_align:center&#8220; use_theme_fonts=&#8220;yes&#8220; css=&#8220;.vc_custom_1683708389550{margin-top: 0px !important;margin-bottom: 0px !important;padding-top: 0px !important;padding-bottom: 0px !important;}&#8220;][vc_column_text css=&#8220;.vc_custom_1683718296722{margin-top: 0px !important;margin-bottom: 0px !important;padding-top: 0px !important;padding-bottom: 0px !important;}&#8220;] (izdvojeno...","og_url":"https:\/\/skromanija.com\/sr\/istorijat\/","og_site_name":"Nordijski smu\u010darski klub Romanija Pale","article_modified_time":"2023-05-10T13:40:08+00:00","twitter_card":"summary_large_image","twitter_misc":{"\u041f\u0440\u043e\u0446\u0435\u045a\u0435\u043d\u043e \u0432\u0440\u0435\u043c\u0435 \u0447\u0438\u0442\u0430\u045a\u0430":"21 \u043c\u0438\u043d\u0443\u0442"},"schema":{"@context":"https:\/\/schema.org","@graph":[{"@type":"WebPage","@id":"https:\/\/skromanija.com\/sr\/istorijat\/","url":"https:\/\/skromanija.com\/sr\/istorijat\/","name":"Istorijat - Nordijski smu\u010darski klub Romanija Pale","isPartOf":{"@id":"https:\/\/skromanija.com\/sr\/#website"},"datePublished":"2016-05-12T10:54:33+00:00","dateModified":"2023-05-10T13:40:08+00:00","breadcrumb":{"@id":"https:\/\/skromanija.com\/sr\/istorijat\/#breadcrumb"},"inLanguage":"sr-RS","potentialAction":[{"@type":"ReadAction","target":[["https:\/\/skromanija.com\/sr\/istorijat\/"]]}]},{"@type":"BreadcrumbList","@id":"https:\/\/skromanija.com\/sr\/istorijat\/#breadcrumb","itemListElement":[{"@type":"ListItem","position":1,"name":"Home","item":"https:\/\/skromanija.com\/sr\/"},{"@type":"ListItem","position":2,"name":"Istorijat"}]},{"@type":"WebSite","@id":"https:\/\/skromanija.com\/sr\/#website","url":"https:\/\/skromanija.com\/sr\/","name":"Nordijski smu\u010darski klub Romanija Pale","description":"Nordic ski team","publisher":{"@id":"https:\/\/skromanija.com\/sr\/#organization"},"potentialAction":[{"@type":"SearchAction","target":{"@type":"EntryPoint","urlTemplate":"https:\/\/skromanija.com\/sr\/?s={search_term_string}"},"query-input":{"@type":"PropertyValueSpecification","valueRequired":true,"valueName":"search_term_string"}}],"inLanguage":"sr-RS"},{"@type":"Organization","@id":"https:\/\/skromanija.com\/sr\/#organization","name":"Nordijski smu\u010darski klub Romanija Pale","url":"https:\/\/skromanija.com\/sr\/","logo":{"@type":"ImageObject","inLanguage":"sr-RS","@id":"https:\/\/skromanija.com\/sr\/#\/schema\/logo\/image\/","url":"https:\/\/skromanija.com\/wp-content\/uploads\/2023\/05\/sklogo.png","contentUrl":"https:\/\/skromanija.com\/wp-content\/uploads\/2023\/05\/sklogo.png","width":558,"height":508,"caption":"Nordijski smu\u010darski klub Romanija Pale"},"image":{"@id":"https:\/\/skromanija.com\/sr\/#\/schema\/logo\/image\/"}}]}},"_links":{"self":[{"href":"https:\/\/skromanija.com\/sr\/wp-json\/wp\/v2\/pages\/790","targetHints":{"allow":["GET"]}}],"collection":[{"href":"https:\/\/skromanija.com\/sr\/wp-json\/wp\/v2\/pages"}],"about":[{"href":"https:\/\/skromanija.com\/sr\/wp-json\/wp\/v2\/types\/page"}],"author":[{"embeddable":true,"href":"https:\/\/skromanija.com\/sr\/wp-json\/wp\/v2\/users\/1"}],"replies":[{"embeddable":true,"href":"https:\/\/skromanija.com\/sr\/wp-json\/wp\/v2\/comments?post=790"}],"version-history":[{"count":114,"href":"https:\/\/skromanija.com\/sr\/wp-json\/wp\/v2\/pages\/790\/revisions"}],"predecessor-version":[{"id":2354,"href":"https:\/\/skromanija.com\/sr\/wp-json\/wp\/v2\/pages\/790\/revisions\/2354"}],"wp:attachment":[{"href":"https:\/\/skromanija.com\/sr\/wp-json\/wp\/v2\/media?parent=790"}],"curies":[{"name":"wp","href":"https:\/\/api.w.org\/{rel}","templated":true}]}}